{"version":"1.0","provider_name":"medienschmiede GmbH - Ihr Werbetechniker im Allg\u00e4u \/ Kempten","provider_url":"https:\/\/medienschmiede.eu","author_name":"brack","author_url":"https:\/\/medienschmiede.eu\/index.php\/author\/brack\/","title":"raumzeit-allgaeu-kontakt - medienschmiede GmbH - Ihr Werbetechniker im Allg\u00e4u \/ Kempten","type":"rich","width":600,"height":338,"html":"<blockquote class=\"wp-embedded-content\" data-secret=\"T1Aqtm3MY2\"><a href=\"https:\/\/medienschmiede.eu\/index.php\/raumzeit-allgaeu-kontakt\/\">raumzeit-allgaeu-kontakt<\/a><\/blockquote><iframe sandbox=\"allow-scripts\" security=\"restricted\" src=\"https:\/\/medienschmiede.eu\/index.php\/raumzeit-allgaeu-kontakt\/embed\/#?secret=T1Aqtm3MY2\" width=\"600\" height=\"338\" title=\"&#8222;raumzeit-allgaeu-kontakt&#8220; &#8211; medienschmiede GmbH - Ihr Werbetechniker im Allg\u00e4u \/ Kempten\" data-secret=\"T1Aqtm3MY2\" frameborder=\"0\" marginwidth=\"0\" marginheight=\"0\" scrolling=\"no\" class=\"wp-embedded-content\"><\/iframe><script>\n\/*! This file is auto-generated *\/\n!function(d,l){\"use strict\";l.querySelector&&d.addEventListener&&\"undefined\"!=typeof URL&&(d.wp=d.wp||{},d.wp.receiveEmbedMessage||(d.wp.receiveEmbedMessage=function(e){var t=e.data;if((t||t.secret||t.message||t.value)&&!\/[^a-zA-Z0-9]\/.test(t.secret)){for(var s,r,n,a=l.querySelectorAll('iframe[data-secret=\"'+t.secret+'\"]'),o=l.querySelectorAll('blockquote[data-secret=\"'+t.secret+'\"]'),c=new RegExp(\"^https?:$\",\"i\"),i=0;i<o.length;i++)o[i].style.display=\"none\";for(i=0;i<a.length;i++)s=a[i],e.source===s.contentWindow&&(s.removeAttribute(\"style\"),\"height\"===t.message?(1e3<(r=parseInt(t.value,10))?r=1e3:~~r<200&&(r=200),s.height=r):\"link\"===t.message&&(r=new URL(s.getAttribute(\"src\")),n=new URL(t.value),c.test(n.protocol))&&n.host===r.host&&l.activeElement===s&&(d.top.location.href=t.value))}},d.addEventListener(\"message\",d.wp.receiveEmbedMessage,!1),l.addEventListener(\"DOMContentLoaded\",function(){for(var e,t,s=l.querySelectorAll(\"iframe.wp-embedded-content\"),r=0;r<s.length;r++)(t=(e=s[r]).getAttribute(\"data-secret\"))||(t=Math.random().toString(36).substring(2,12),e.src+=\"#?secret=\"+t,e.setAttribute(\"data-secret\",t)),e.contentWindow.postMessage({message:\"ready\",secret:t},\"*\")},!1)))}(window,document);\n\/\/# sourceURL=https:\/\/medienschmiede.eu\/wp-includes\/js\/wp-embed.min.js\n<\/script>\n","description":"zwei profis f\u00fcrs raumgef\u00fchl Die meiste Zeit des Tages verbringen wir in unseren Arbeits- und Wohnr\u00e4umen. Meist sind sie zweckm\u00e4\u00dfig und funktional. Wie w\u00e4re es, wenn wir diese R\u00e4ume f\u00fcr Sie so gestalten, dass Sie sich dort so richtig wohl f\u00fchlen? Um Ihnen dieses Erlebnis zu erf\u00fcllen haben sich die \u00bbmedienschmiede\u00bb und \u00bbmica | Das [&hellip;]","thumbnail_url":"https:\/\/medienschmiede.eu\/wp-content\/uploads\/2023\/02\/Raumzeit_Logo_sw.png"}